{"version":"1.0","provider_name":"Novice.si","provider_url":"https:\/\/novice.si\/page","title":"VOJNIK Konji\u0161ki in planinski gasilci prejmejo najvi\u0161ja priznanja CZ za Zahodno\u0161tajersko - Novice.si","type":"rich","width":600,"height":338,"html":"<blockquote class=\"wp-embedded-content\" data-secret=\"5QzFf6EmpG\"><a href=\"https:\/\/novice.si\/page\/vojnik-podelili-najvisja-priznanja-cz-za-zahodnostajersko\/\">VOJNIK Konji\u0161ki in planinski gasilci prejmejo najvi\u0161ja priznanja CZ za Zahodno\u0161tajersko<\/a><\/blockquote><iframe sandbox=\"allow-scripts\" security=\"restricted\" src=\"https:\/\/novice.si\/page\/vojnik-podelili-najvisja-priznanja-cz-za-zahodnostajersko\/embed\/#?secret=5QzFf6EmpG\" width=\"600\" height=\"338\" title=\"&#8220;VOJNIK Konji\u0161ki in planinski gasilci prejmejo najvi\u0161ja priznanja CZ za Zahodno\u0161tajersko&#8221; &#8212; Novice.si\" data-secret=\"5QzFf6EmpG\" frameborder=\"0\" marginwidth=\"0\" marginheight=\"0\" scrolling=\"no\" class=\"wp-embedded-content\"><\/iframe><script type=\"text\/javascript\">\n\/* <![CDATA[ *\/\n\/*! This file is auto-generated *\/\n!function(d,l){\"use strict\";l.querySelector&&d.addEventListener&&\"undefined\"!=typeof URL&&(d.wp=d.wp||{},d.wp.receiveEmbedMessage||(d.wp.receiveEmbedMessage=function(e){var t=e.data;if((t||t.secret||t.message||t.value)&&!\/[^a-zA-Z0-9]\/.test(t.secret)){for(var s,r,n,a=l.querySelectorAll('iframe[data-secret=\"'+t.secret+'\"]'),o=l.querySelectorAll('blockquote[data-secret=\"'+t.secret+'\"]'),c=new RegExp(\"^https?:$\",\"i\"),i=0;i<o.length;i++)o[i].style.display=\"none\";for(i=0;i<a.length;i++)s=a[i],e.source===s.contentWindow&&(s.removeAttribute(\"style\"),\"height\"===t.message?(1e3<(r=parseInt(t.value,10))?r=1e3:~~r<200&&(r=200),s.height=r):\"link\"===t.message&&(r=new URL(s.getAttribute(\"src\")),n=new URL(t.value),c.test(n.protocol))&&n.host===r.host&&l.activeElement===s&&(d.top.location.href=t.value))}},d.addEventListener(\"message\",d.wp.receiveEmbedMessage,!1),l.addEventListener(\"DOMContentLoaded\",function(){for(var e,t,s=l.querySelectorAll(\"iframe.wp-embedded-content\"),r=0;r<s.length;r++)(t=(e=s[r]).getAttribute(\"data-secret\"))||(t=Math.random().toString(36).substring(2,12),e.src+=\"#?secret=\"+t,e.setAttribute(\"data-secret\",t)),e.contentWindow.postMessage({message:\"ready\",secret:t},\"*\")},!1)))}(window,document);\n\/\/# sourceURL=https:\/\/novice.si\/page\/wp-includes\/js\/wp-embed.min.js\n\/* ]]> *\/\n<\/script>\n","thumbnail_url":"https:\/\/novice.si\/page\/wp-content\/uploads\/2023\/03\/PGD-SKonjice.jpg","thumbnail_width":2048,"thumbnail_height":1220,"description":"Prostovoljni gasilski dru\u0161tvi Slovenske Konjice (na naslovni sliki) in Planina sta med \u0161estimi leto\u0161njimi regijskimi prejemniki plakete za izredne zasluge na podro\u010dju za\u0161\u010dite in re\u0161evanja. Drevi jih bodo podelili na osrednji regijski slovesnosti Civilne za\u0161\u010dite v dvorani vojni\u0161ke osnovne \u0161ole. Zlati znak Civilne za\u0161\u010dite bosta prejela Janko Po\u017ee\u017enik (na sliki), donedavni direktor Poklicne gasilske enote [&hellip;]"}