{"version":"1.0","provider_name":"Novice.si","provider_url":"https:\/\/novice.si\/page","title":"VOJNIK Branko Petre gre po tretji \u017eupanski mandat - Novice.si","type":"rich","width":600,"height":338,"html":"<blockquote class=\"wp-embedded-content\" data-secret=\"hTKqVM3o5Y\"><a href=\"https:\/\/novice.si\/page\/vojnik-branko-petre-gre-po-tretji-zupanski-mandat\/\">VOJNIK Branko Petre gre po tretji \u017eupanski mandat<\/a><\/blockquote><iframe sandbox=\"allow-scripts\" security=\"restricted\" src=\"https:\/\/novice.si\/page\/vojnik-branko-petre-gre-po-tretji-zupanski-mandat\/embed\/#?secret=hTKqVM3o5Y\" width=\"600\" height=\"338\" title=\"&#8220;VOJNIK Branko Petre gre po tretji \u017eupanski mandat&#8221; &#8212; Novice.si\" data-secret=\"hTKqVM3o5Y\" frameborder=\"0\" marginwidth=\"0\" marginheight=\"0\" scrolling=\"no\" class=\"wp-embedded-content\"><\/iframe><script type=\"text\/javascript\">\n\/* <![CDATA[ *\/\n\/*! This file is auto-generated *\/\n!function(d,l){\"use strict\";l.querySelector&&d.addEventListener&&\"undefined\"!=typeof URL&&(d.wp=d.wp||{},d.wp.receiveEmbedMessage||(d.wp.receiveEmbedMessage=function(e){var t=e.data;if((t||t.secret||t.message||t.value)&&!\/[^a-zA-Z0-9]\/.test(t.secret)){for(var s,r,n,a=l.querySelectorAll('iframe[data-secret=\"'+t.secret+'\"]'),o=l.querySelectorAll('blockquote[data-secret=\"'+t.secret+'\"]'),c=new RegExp(\"^https?:$\",\"i\"),i=0;i<o.length;i++)o[i].style.display=\"none\";for(i=0;i<a.length;i++)s=a[i],e.source===s.contentWindow&&(s.removeAttribute(\"style\"),\"height\"===t.message?(1e3<(r=parseInt(t.value,10))?r=1e3:~~r<200&&(r=200),s.height=r):\"link\"===t.message&&(r=new URL(s.getAttribute(\"src\")),n=new URL(t.value),c.test(n.protocol))&&n.host===r.host&&l.activeElement===s&&(d.top.location.href=t.value))}},d.addEventListener(\"message\",d.wp.receiveEmbedMessage,!1),l.addEventListener(\"DOMContentLoaded\",function(){for(var e,t,s=l.querySelectorAll(\"iframe.wp-embedded-content\"),r=0;r<s.length;r++)(t=(e=s[r]).getAttribute(\"data-secret\"))||(t=Math.random().toString(36).substring(2,12),e.src+=\"#?secret=\"+t,e.setAttribute(\"data-secret\",t)),e.contentWindow.postMessage({message:\"ready\",secret:t},\"*\")},!1)))}(window,document);\n\/\/# sourceURL=https:\/\/novice.si\/page\/wp-includes\/js\/wp-embed.min.js\n\/* ]]> *\/\n<\/script>\n","thumbnail_url":"https:\/\/novice.si\/page\/wp-content\/uploads\/2020\/04\/Branko-Petre2.jpg","thumbnail_width":1579,"thumbnail_height":1229,"description":"Vojni\u0161ki \u017eupan Branko Petre je svojo tretjo kandidaturo (s podporo NSi in SDS) najavil \u017ee spomladi. Tudi za prihodnja \u0161tiri leta bo poseben poudarek namenil delovanju dru\u0161tev, medgeneracijskemu sodelovanju in zagotavljanju stanovanj za mlade dru\u017eine. Klju\u010dne projekte pa je strnil v tri to\u010dke. \u00bbKlju\u010dna je \u0161iritev \u0161ole, to je ena pomembnej\u0161ih zgodb v zadnjem obdobju [&hellip;]"}