{"version":"1.0","provider_name":"Novice.si","provider_url":"https:\/\/novice.si\/page","title":"Slovenske Konjice: Umrl je \u0160tefan Stra\u0161ek - Novice.si","type":"rich","width":600,"height":338,"html":"<blockquote class=\"wp-embedded-content\" data-secret=\"8Z25HnYw3I\"><a href=\"https:\/\/novice.si\/page\/slovenske-konjice-umrl-je-stefan-strasek\/\">Slovenske Konjice: Umrl je \u0160tefan Stra\u0161ek<\/a><\/blockquote><iframe sandbox=\"allow-scripts\" security=\"restricted\" src=\"https:\/\/novice.si\/page\/slovenske-konjice-umrl-je-stefan-strasek\/embed\/#?secret=8Z25HnYw3I\" width=\"600\" height=\"338\" title=\"&#8220;Slovenske Konjice: Umrl je \u0160tefan Stra\u0161ek&#8221; &#8212; Novice.si\" data-secret=\"8Z25HnYw3I\" frameborder=\"0\" marginwidth=\"0\" marginheight=\"0\" scrolling=\"no\" class=\"wp-embedded-content\"><\/iframe><script type=\"text\/javascript\">\n\/* <![CDATA[ *\/\n\/*! This file is auto-generated *\/\n!function(d,l){\"use strict\";l.querySelector&&d.addEventListener&&\"undefined\"!=typeof URL&&(d.wp=d.wp||{},d.wp.receiveEmbedMessage||(d.wp.receiveEmbedMessage=function(e){var t=e.data;if((t||t.secret||t.message||t.value)&&!\/[^a-zA-Z0-9]\/.test(t.secret)){for(var s,r,n,a=l.querySelectorAll('iframe[data-secret=\"'+t.secret+'\"]'),o=l.querySelectorAll('blockquote[data-secret=\"'+t.secret+'\"]'),c=new RegExp(\"^https?:$\",\"i\"),i=0;i<o.length;i++)o[i].style.display=\"none\";for(i=0;i<a.length;i++)s=a[i],e.source===s.contentWindow&&(s.removeAttribute(\"style\"),\"height\"===t.message?(1e3<(r=parseInt(t.value,10))?r=1e3:~~r<200&&(r=200),s.height=r):\"link\"===t.message&&(r=new URL(s.getAttribute(\"src\")),n=new URL(t.value),c.test(n.protocol))&&n.host===r.host&&l.activeElement===s&&(d.top.location.href=t.value))}},d.addEventListener(\"message\",d.wp.receiveEmbedMessage,!1),l.addEventListener(\"DOMContentLoaded\",function(){for(var e,t,s=l.querySelectorAll(\"iframe.wp-embedded-content\"),r=0;r<s.length;r++)(t=(e=s[r]).getAttribute(\"data-secret\"))||(t=Math.random().toString(36).substring(2,12),e.src+=\"#?secret=\"+t,e.setAttribute(\"data-secret\",t)),e.contentWindow.postMessage({message:\"ready\",secret:t},\"*\")},!1)))}(window,document);\n\/\/# sourceURL=https:\/\/novice.si\/page\/wp-includes\/js\/wp-embed.min.js\n\/* ]]> *\/\n<\/script>\n","thumbnail_url":"https:\/\/novice.si\/page\/wp-content\/uploads\/2022\/11\/strasek-stefan5.jpg","thumbnail_width":1000,"thumbnail_height":661,"description":"Tik preden bi dopolnil 81 let je umrl Konji\u010dan \u0160tefan Stra\u0161ek. Bil je ustanovitelj Mesarstva Stra\u0161ek. Od ustanovitve podjetja leta 1979 je Mesarstvo Stra\u0161ek veljalo za enega najuspe\u0161nej\u0161ih obrtni\u0161kih podjetij na Konji\u0161kem. \u0160tefan Stra\u0161ek se je rodil v kme\u010dki dru\u017eini s sedmimi otroki. \u017de v rani mladosti se je sre\u010dal z delom, ki ga je [&hellip;]"}