{"version":"1.0","provider_name":"Novice.si","provider_url":"https:\/\/novice.si\/page","title":"\u0160ENTJUR Po dveh letih znova podra\u017eitev vrtca - Novice.si","type":"rich","width":600,"height":338,"html":"<blockquote class=\"wp-embedded-content\" data-secret=\"hRor7OwYas\"><a href=\"https:\/\/novice.si\/page\/sentjur-po-dveh-letih-znova-podrazitev-vrtca\/\">\u0160ENTJUR Po dveh letih znova podra\u017eitev vrtca<\/a><\/blockquote><iframe sandbox=\"allow-scripts\" security=\"restricted\" src=\"https:\/\/novice.si\/page\/sentjur-po-dveh-letih-znova-podrazitev-vrtca\/embed\/#?secret=hRor7OwYas\" width=\"600\" height=\"338\" title=\"&#8220;\u0160ENTJUR Po dveh letih znova podra\u017eitev vrtca&#8221; &#8212; Novice.si\" data-secret=\"hRor7OwYas\" frameborder=\"0\" marginwidth=\"0\" marginheight=\"0\" scrolling=\"no\" class=\"wp-embedded-content\"><\/iframe><script type=\"text\/javascript\">\n\/* <![CDATA[ *\/\n\/*! This file is auto-generated *\/\n!function(d,l){\"use strict\";l.querySelector&&d.addEventListener&&\"undefined\"!=typeof URL&&(d.wp=d.wp||{},d.wp.receiveEmbedMessage||(d.wp.receiveEmbedMessage=function(e){var t=e.data;if((t||t.secret||t.message||t.value)&&!\/[^a-zA-Z0-9]\/.test(t.secret)){for(var s,r,n,a=l.querySelectorAll('iframe[data-secret=\"'+t.secret+'\"]'),o=l.querySelectorAll('blockquote[data-secret=\"'+t.secret+'\"]'),c=new RegExp(\"^https?:$\",\"i\"),i=0;i<o.length;i++)o[i].style.display=\"none\";for(i=0;i<a.length;i++)s=a[i],e.source===s.contentWindow&&(s.removeAttribute(\"style\"),\"height\"===t.message?(1e3<(r=parseInt(t.value,10))?r=1e3:~~r<200&&(r=200),s.height=r):\"link\"===t.message&&(r=new URL(s.getAttribute(\"src\")),n=new URL(t.value),c.test(n.protocol))&&n.host===r.host&&l.activeElement===s&&(d.top.location.href=t.value))}},d.addEventListener(\"message\",d.wp.receiveEmbedMessage,!1),l.addEventListener(\"DOMContentLoaded\",function(){for(var e,t,s=l.querySelectorAll(\"iframe.wp-embedded-content\"),r=0;r<s.length;r++)(t=(e=s[r]).getAttribute(\"data-secret\"))||(t=Math.random().toString(36).substring(2,12),e.src+=\"#?secret=\"+t,e.setAttribute(\"data-secret\",t)),e.contentWindow.postMessage({message:\"ready\",secret:t},\"*\")},!1)))}(window,document);\n\/\/# sourceURL=https:\/\/novice.si\/page\/wp-includes\/js\/wp-embed.min.js\n\/* ]]> *\/\n<\/script>\n","thumbnail_url":"https:\/\/novice.si\/page\/wp-content\/uploads\/2023\/03\/vrtec-sentjur-2.jpg","thumbnail_width":602,"thumbnail_height":340,"description":"Tudi v \u0160entjurju se bodo z aprilom soo\u010dili s povi\u0161animi cenami vrt\u010devskih programov. Svetniki so v torek potrdili predlog o podra\u017eitvi, tako da bo polna cena za prvo starostno obdobje zna\u0161ala 585, za drugo 428 in za kombinirane oddelke 492 evrov. Star\u0161i v povpre\u010dju pla\u010dujejo 37 odstotkov ekonomske cene. \u0160entjur\u010dani so cene nazadnje uskladili pred [&hellip;]"}