{"version":"1.0","provider_name":"Novice.si","provider_url":"https:\/\/novice.si\/page","title":"\u0160ENTJUR LJUBLJANA Asta Vre\u010dko na \u010delu Levice - Novice.si","type":"rich","width":600,"height":338,"html":"<blockquote class=\"wp-embedded-content\" data-secret=\"XAccf9408j\"><a href=\"https:\/\/novice.si\/page\/sentjur-ljubljana-asta-vrecko-na-celu-levice\/\">\u0160ENTJUR LJUBLJANA Asta Vre\u010dko na \u010delu Levice<\/a><\/blockquote><iframe sandbox=\"allow-scripts\" security=\"restricted\" src=\"https:\/\/novice.si\/page\/sentjur-ljubljana-asta-vrecko-na-celu-levice\/embed\/#?secret=XAccf9408j\" width=\"600\" height=\"338\" title=\"&#8220;\u0160ENTJUR LJUBLJANA Asta Vre\u010dko na \u010delu Levice&#8221; &#8212; Novice.si\" data-secret=\"XAccf9408j\" frameborder=\"0\" marginwidth=\"0\" marginheight=\"0\" scrolling=\"no\" class=\"wp-embedded-content\"><\/iframe><script type=\"text\/javascript\">\n\/* <![CDATA[ *\/\n\/*! This file is auto-generated *\/\n!function(d,l){\"use strict\";l.querySelector&&d.addEventListener&&\"undefined\"!=typeof URL&&(d.wp=d.wp||{},d.wp.receiveEmbedMessage||(d.wp.receiveEmbedMessage=function(e){var t=e.data;if((t||t.secret||t.message||t.value)&&!\/[^a-zA-Z0-9]\/.test(t.secret)){for(var s,r,n,a=l.querySelectorAll('iframe[data-secret=\"'+t.secret+'\"]'),o=l.querySelectorAll('blockquote[data-secret=\"'+t.secret+'\"]'),c=new RegExp(\"^https?:$\",\"i\"),i=0;i<o.length;i++)o[i].style.display=\"none\";for(i=0;i<a.length;i++)s=a[i],e.source===s.contentWindow&&(s.removeAttribute(\"style\"),\"height\"===t.message?(1e3<(r=parseInt(t.value,10))?r=1e3:~~r<200&&(r=200),s.height=r):\"link\"===t.message&&(r=new URL(s.getAttribute(\"src\")),n=new URL(t.value),c.test(n.protocol))&&n.host===r.host&&l.activeElement===s&&(d.top.location.href=t.value))}},d.addEventListener(\"message\",d.wp.receiveEmbedMessage,!1),l.addEventListener(\"DOMContentLoaded\",function(){for(var e,t,s=l.querySelectorAll(\"iframe.wp-embedded-content\"),r=0;r<s.length;r++)(t=(e=s[r]).getAttribute(\"data-secret\"))||(t=Math.random().toString(36).substring(2,12),e.src+=\"#?secret=\"+t,e.setAttribute(\"data-secret\",t)),e.contentWindow.postMessage({message:\"ready\",secret:t},\"*\")},!1)))}(window,document);\n\/\/# sourceURL=https:\/\/novice.si\/page\/wp-includes\/js\/wp-embed.min.js\n\/* ]]> *\/\n<\/script>\n","thumbnail_url":"https:\/\/novice.si\/page\/wp-content\/uploads\/2023\/02\/asta-vrecko-ministrica.jpg","thumbnail_width":900,"thumbnail_height":599,"description":"Kulturno ministrico \u0160entjur\u010danko Asto Vre\u010dko so v soboto izvolili za novo koordinatorko parlamentarne stranke Levica. Na glasovanju je zbrala ob\u010dutno ve\u010d glasov od protikandidata Mihe Kordi\u0161a, ki se je lani potegoval za mesto predsednika republike. Novoizvoljena koordinatorica je ob tem dejala, da stranko, ki je na politi\u010dnem prizori\u0161\u010du prisotna pribli\u017eno desetletje, vidi kot platformo raznolikih [&hellip;]"}