{"version":"1.0","provider_name":"Novice.si","provider_url":"https:\/\/novice.si\/page","title":"Nastanitev migrantov v konji\u0161ki ob\u010dini: dopis pristojnega urada - Novice.si","type":"rich","width":600,"height":338,"html":"<blockquote class=\"wp-embedded-content\" data-secret=\"N1zcXgszQT\"><a href=\"https:\/\/novice.si\/page\/nastanitev-migrantov-v-konjiski-obcini-dopis-pristojnega-urada\/\">Nastanitev migrantov v konji\u0161ki ob\u010dini: dopis pristojnega urada<\/a><\/blockquote><iframe sandbox=\"allow-scripts\" security=\"restricted\" src=\"https:\/\/novice.si\/page\/nastanitev-migrantov-v-konjiski-obcini-dopis-pristojnega-urada\/embed\/#?secret=N1zcXgszQT\" width=\"600\" height=\"338\" title=\"&#8220;Nastanitev migrantov v konji\u0161ki ob\u010dini: dopis pristojnega urada&#8221; &#8212; Novice.si\" data-secret=\"N1zcXgszQT\" frameborder=\"0\" marginwidth=\"0\" marginheight=\"0\" scrolling=\"no\" class=\"wp-embedded-content\"><\/iframe><script type=\"text\/javascript\">\n\/* <![CDATA[ *\/\n\/*! This file is auto-generated *\/\n!function(d,l){\"use strict\";l.querySelector&&d.addEventListener&&\"undefined\"!=typeof URL&&(d.wp=d.wp||{},d.wp.receiveEmbedMessage||(d.wp.receiveEmbedMessage=function(e){var t=e.data;if((t||t.secret||t.message||t.value)&&!\/[^a-zA-Z0-9]\/.test(t.secret)){for(var s,r,n,a=l.querySelectorAll('iframe[data-secret=\"'+t.secret+'\"]'),o=l.querySelectorAll('blockquote[data-secret=\"'+t.secret+'\"]'),c=new RegExp(\"^https?:$\",\"i\"),i=0;i<o.length;i++)o[i].style.display=\"none\";for(i=0;i<a.length;i++)s=a[i],e.source===s.contentWindow&&(s.removeAttribute(\"style\"),\"height\"===t.message?(1e3<(r=parseInt(t.value,10))?r=1e3:~~r<200&&(r=200),s.height=r):\"link\"===t.message&&(r=new URL(s.getAttribute(\"src\")),n=new URL(t.value),c.test(n.protocol))&&n.host===r.host&&l.activeElement===s&&(d.top.location.href=t.value))}},d.addEventListener(\"message\",d.wp.receiveEmbedMessage,!1),l.addEventListener(\"DOMContentLoaded\",function(){for(var e,t,s=l.querySelectorAll(\"iframe.wp-embedded-content\"),r=0;r<s.length;r++)(t=(e=s[r]).getAttribute(\"data-secret\"))||(t=Math.random().toString(36).substring(2,12),e.src+=\"#?secret=\"+t,e.setAttribute(\"data-secret\",t)),e.contentWindow.postMessage({message:\"ready\",secret:t},\"*\")},!1)))}(window,document);\n\/\/# sourceURL=https:\/\/novice.si\/page\/wp-includes\/js\/wp-embed.min.js\n\/* ]]> *\/\n<\/script>\n","thumbnail_url":"https:\/\/novice.si\/page\/wp-content\/uploads\/2019\/07\/obcina-konjice_resize.jpg","thumbnail_width":800,"thumbnail_height":600,"description":"Nastanitvenih kapacitet za nezakonite migrante zaenkrat v ob\u010dini Slovenske Konjice ne na\u010drtujejo. Dopis s tak\u0161nim pojasnilom je Urad vlade RS za oskrbo in integracijo migrantov naslovil na konji\u0161ko Ob\u010dino, pod dokument pa je podpisana direktorica omenjenega urada Katarina \u0160trukelj. Po razli\u010dnih objavah na dru\u017ebenih omre\u017ejih je \u017eupan Darko Ratajc sicer \u017ee pred dnevi sporo\u010dil, da [&hellip;]"}