{"version":"1.0","provider_name":"Novice.si","provider_url":"https:\/\/novice.si\/page","title":"Celje ta teden v znamenju sejma - Novice.si","type":"rich","width":600,"height":338,"html":"<blockquote class=\"wp-embedded-content\" data-secret=\"hh6v2DIAAO\"><a href=\"https:\/\/novice.si\/page\/celje-ta-teden-v-znamenju-sejma\/\">Celje ta teden v znamenju sejma<\/a><\/blockquote><iframe sandbox=\"allow-scripts\" security=\"restricted\" src=\"https:\/\/novice.si\/page\/celje-ta-teden-v-znamenju-sejma\/embed\/#?secret=hh6v2DIAAO\" width=\"600\" height=\"338\" title=\"&#8220;Celje ta teden v znamenju sejma&#8221; &#8212; Novice.si\" data-secret=\"hh6v2DIAAO\" frameborder=\"0\" marginwidth=\"0\" marginheight=\"0\" scrolling=\"no\" class=\"wp-embedded-content\"><\/iframe><script type=\"text\/javascript\">\n\/* <![CDATA[ *\/\n\/*! This file is auto-generated *\/\n!function(d,l){\"use strict\";l.querySelector&&d.addEventListener&&\"undefined\"!=typeof URL&&(d.wp=d.wp||{},d.wp.receiveEmbedMessage||(d.wp.receiveEmbedMessage=function(e){var t=e.data;if((t||t.secret||t.message||t.value)&&!\/[^a-zA-Z0-9]\/.test(t.secret)){for(var s,r,n,a=l.querySelectorAll('iframe[data-secret=\"'+t.secret+'\"]'),o=l.querySelectorAll('blockquote[data-secret=\"'+t.secret+'\"]'),c=new RegExp(\"^https?:$\",\"i\"),i=0;i<o.length;i++)o[i].style.display=\"none\";for(i=0;i<a.length;i++)s=a[i],e.source===s.contentWindow&&(s.removeAttribute(\"style\"),\"height\"===t.message?(1e3<(r=parseInt(t.value,10))?r=1e3:~~r<200&&(r=200),s.height=r):\"link\"===t.message&&(r=new URL(s.getAttribute(\"src\")),n=new URL(t.value),c.test(n.protocol))&&n.host===r.host&&l.activeElement===s&&(d.top.location.href=t.value))}},d.addEventListener(\"message\",d.wp.receiveEmbedMessage,!1),l.addEventListener(\"DOMContentLoaded\",function(){for(var e,t,s=l.querySelectorAll(\"iframe.wp-embedded-content\"),r=0;r<s.length;r++)(t=(e=s[r]).getAttribute(\"data-secret\"))||(t=Math.random().toString(36).substring(2,12),e.src+=\"#?secret=\"+t,e.setAttribute(\"data-secret\",t)),e.contentWindow.postMessage({message:\"ready\",secret:t},\"*\")},!1)))}(window,document);\n\/\/# sourceURL=https:\/\/novice.si\/page\/wp-includes\/js\/wp-embed.min.js\n\/* ]]> *\/\n<\/script>\n","thumbnail_url":"https:\/\/novice.si\/page\/wp-content\/uploads\/2023\/09\/cz-sejem-aktualni-teden-1-stran.jpg","thumbnail_width":1200,"thumbnail_height":800,"description":"Celje do konca tedna, do 17. septembra, gosti \u017ee 55. Mednarodni sejem obrti in podjetnosti (MOS). Na celjskem sejmi\u0161\u010du se do nedelje predstavlja 650 razstavljavcev iz 25 dr\u017eav. Skupno je zastopanih okrog tiso\u010d blagovnih znamk. \u00bbPri\u010dakujemo podobno \u0161tevilo obiskovalcev kot lani, okrog 65.000. Posebna gostja bo dr\u017eava Ukrajina, ki bo predstavila nekaj svojih podjetij, je [&hellip;]"}