{"version":"1.0","provider_name":"Novice.si","provider_url":"https:\/\/novice.si\/page","title":"CELJE Stavkajo\u010di to\u017eilci le na treh mladoletni\u0161kih obravnavah - Novice.si","type":"rich","width":600,"height":338,"html":"<blockquote class=\"wp-embedded-content\" data-secret=\"rgYcRge3DT\"><a href=\"https:\/\/novice.si\/page\/celje-stavkajoci-tozilci-le-na-treh-mladoletniskih-obravnavah\/\">CELJE Stavkajo\u010di to\u017eilci le na treh mladoletni\u0161kih obravnavah<\/a><\/blockquote><iframe sandbox=\"allow-scripts\" security=\"restricted\" src=\"https:\/\/novice.si\/page\/celje-stavkajoci-tozilci-le-na-treh-mladoletniskih-obravnavah\/embed\/#?secret=rgYcRge3DT\" width=\"600\" height=\"338\" title=\"&#8220;CELJE Stavkajo\u010di to\u017eilci le na treh mladoletni\u0161kih obravnavah&#8221; &#8212; Novice.si\" data-secret=\"rgYcRge3DT\" frameborder=\"0\" marginwidth=\"0\" marginheight=\"0\" scrolling=\"no\" class=\"wp-embedded-content\"><\/iframe><script type=\"text\/javascript\">\n\/* <![CDATA[ *\/\n\/*! This file is auto-generated *\/\n!function(d,l){\"use strict\";l.querySelector&&d.addEventListener&&\"undefined\"!=typeof URL&&(d.wp=d.wp||{},d.wp.receiveEmbedMessage||(d.wp.receiveEmbedMessage=function(e){var t=e.data;if((t||t.secret||t.message||t.value)&&!\/[^a-zA-Z0-9]\/.test(t.secret)){for(var s,r,n,a=l.querySelectorAll('iframe[data-secret=\"'+t.secret+'\"]'),o=l.querySelectorAll('blockquote[data-secret=\"'+t.secret+'\"]'),c=new RegExp(\"^https?:$\",\"i\"),i=0;i<o.length;i++)o[i].style.display=\"none\";for(i=0;i<a.length;i++)s=a[i],e.source===s.contentWindow&&(s.removeAttribute(\"style\"),\"height\"===t.message?(1e3<(r=parseInt(t.value,10))?r=1e3:~~r<200&&(r=200),s.height=r):\"link\"===t.message&&(r=new URL(s.getAttribute(\"src\")),n=new URL(t.value),c.test(n.protocol))&&n.host===r.host&&l.activeElement===s&&(d.top.location.href=t.value))}},d.addEventListener(\"message\",d.wp.receiveEmbedMessage,!1),l.addEventListener(\"DOMContentLoaded\",function(){for(var e,t,s=l.querySelectorAll(\"iframe.wp-embedded-content\"),r=0;r<s.length;r++)(t=(e=s[r]).getAttribute(\"data-secret\"))||(t=Math.random().toString(36).substring(2,12),e.src+=\"#?secret=\"+t,e.setAttribute(\"data-secret\",t)),e.contentWindow.postMessage({message:\"ready\",secret:t},\"*\")},!1)))}(window,document);\n\/\/# sourceURL=https:\/\/novice.si\/page\/wp-includes\/js\/wp-embed.min.js\n\/* ]]> *\/\n<\/script>\n","thumbnail_url":"https:\/\/novice.si\/page\/wp-content\/uploads\/2022\/01\/ODT-CE-jan-22-scaled.jpg","thumbnail_width":2560,"thumbnail_height":1440,"description":"Natanko teden dni po koncu sodni\u0161ke bele stavke bodo svoj protest na enak na\u010din danes izrazili tudi to\u017eilci. Po zatrjevanju vodje celjskega okro\u017enega dr\u017eavnega to\u017eilstva Simone Razgor\u0161ek Kuzman bodo stavkali vsi to\u017eilci na Celjskem. Stavka bo potekala tako, da bodo opravljali zgolj minimum delovnega procesa. Tako celjski to\u017eilci danes ne bodo navzo\u010di pri zastopanju obto\u017enih [&hellip;]"}